{"id":330,"date":"2013-02-18T16:27:56","date_gmt":"2013-02-18T15:27:56","guid":{"rendered":"http:\/\/www.pictobello.ch\/edition-2012\/?page_id=330"},"modified":"2013-04-22T16:31:15","modified_gmt":"2013-04-22T15:31:15","slug":"theme","status":"publish","type":"page","link":"https:\/\/www.pictobello.ch\/edition-2012\/theme\/","title":{"rendered":"sc\u00e9nario"},"content":{"rendered":"<p><strong>Rock Collector<\/strong><\/p>\n<p>Il est allong\u00e9 sur le canap\u00e9. Et fixe les colonnes blanches contre le mur. Dix \u00e9tag\u00e8res tout en hauteur, douze casiers r\u00e9guliers, du h\u00eatre contreplaqu\u00e9. Les tranches align\u00e9es sont illisibles. Peut-\u00eatre qu\u2019il devrait les classer par couleur.<br \/>\nEt puis il revient \u00e0 ce casier particulier. Quatri\u00e8me colonne en partant de la droite, cinqui\u00e8me \u00e9tage en partant d\u2019en bas. C\u2019est l\u00e0 qu\u2019il l\u2019a rang\u00e9. Et il ne voit plus que lui. Ce disque qu\u2019il cherchait depuis vingt ans. Qu\u2019il a trouv\u00e9 enfin, il y a quelques heures, dans une boutique de seconde main.<br \/>\nSa tranche n\u2019a rien de particulier \u00e0 cette distance. Et m\u00eame de pr\u00e8s. Sa couverture non plus d\u2019ailleurs. Juste un peu corn\u00e9e, mais la photo est anecdotique. Une rue, vide, de nuit, noir et blanc, pas m\u00eame bien cadr\u00e9e. Une moiti\u00e9 de vie \u00e0 courir apr\u00e8s pourtant. Une obsession. Son f\u00e9tichisme.<br \/>\nEt il n\u2019a m\u00eame pas envie de l\u2019\u00e9couter. Ni de le tenir entre ses mains \u00e0 nouveau. Juste de le regarder, l\u00e0, bien \u00e0 sa place. Comme s\u2019il voulait se convaincre qu\u2019il comble bien un vide.<br \/>\nChristophe Schenk<br \/>\nLausanne, mai 2012<\/p>\n","protected":false},"excerpt":{"rendered":"<p>Rock Collector Il est allong\u00e9 sur le canap\u00e9. Et fixe les colonnes blanches contre le mur. Dix \u00e9tag\u00e8res tout en hauteur, douze casiers r\u00e9guliers, du h\u00eatre contreplaqu\u00e9. Les tranches align\u00e9es sont illisibles. Peut-\u00eatre qu\u2019il devrait les classer par couleur. Et puis il revient \u00e0 ce casier particulier. Quatri\u00e8me colonne en partant de la droite, cinqui\u00e8me [&hellip;]<\/p>\n","protected":false},"author":3,"featured_media":0,"parent":0,"menu_order":2,"comment_status":"open","ping_status":"closed","template":"","meta":{"_acf_changed":false,"_exactmetrics_skip_tracking":false,"_exactmetrics_sitenote_active":false,"_exactmetrics_sitenote_note":"","_exactmetrics_sitenote_category":0,"footnotes":""},"class_list":["post-330","page","type-page","status-publish","hentry"],"acf":[],"yoast_head":"<!-- This site is optimized with the Yoast SEO plugin v27.5 - https:\/\/yoast.com\/product\/yoast-seo-wordpress\/ -->\n<title>sc\u00e9nario - 2012<\/title>\n<meta name=\"robots\" content=\"index, follow, max-snippet:-1, max-image-preview:large, max-video-preview:-1\" \/>\n<link rel=\"canonical\" href=\"https:\/\/www.pictobello.ch\/edition-2012\/theme\/\" \/>\n<meta name=\"twitter:label1\" content=\"Dur\u00e9e de lecture estim\u00e9e\" \/>\n\t<meta name=\"twitter:data1\" content=\"1 minute\" \/>\n<script type=\"application\/ld+json\" class=\"yoast-schema-graph\">{\"@context\":\"https:\\\/\\\/schema.org\",\"@graph\":[{\"@type\":\"WebPage\",\"@id\":\"https:\\\/\\\/www.pictobello.ch\\\/edition-2012\\\/theme\\\/\",\"url\":\"https:\\\/\\\/www.pictobello.ch\\\/edition-2012\\\/theme\\\/\",\"name\":\"sc\u00e9nario - 2012\",\"isPartOf\":{\"@id\":\"https:\\\/\\\/www.pictobello.ch\\\/edition-2012\\\/#website\"},\"datePublished\":\"2013-02-18T15:27:56+00:00\",\"dateModified\":\"2013-04-22T15:31:15+00:00\",\"breadcrumb\":{\"@id\":\"https:\\\/\\\/www.pictobello.ch\\\/edition-2012\\\/theme\\\/#breadcrumb\"},\"inLanguage\":\"fr-FR\",\"potentialAction\":[{\"@type\":\"ReadAction\",\"target\":[\"https:\\\/\\\/www.pictobello.ch\\\/edition-2012\\\/theme\\\/\"]}]},{\"@type\":\"BreadcrumbList\",\"@id\":\"https:\\\/\\\/www.pictobello.ch\\\/edition-2012\\\/theme\\\/#breadcrumb\",\"itemListElement\":[{\"@type\":\"ListItem\",\"position\":1,\"name\":\"Accueil\",\"item\":\"https:\\\/\\\/www.pictobello.ch\\\/edition-2012\\\/\"},{\"@type\":\"ListItem\",\"position\":2,\"name\":\"sc\u00e9nario\"}]},{\"@type\":\"WebSite\",\"@id\":\"https:\\\/\\\/www.pictobello.ch\\\/edition-2012\\\/#website\",\"url\":\"https:\\\/\\\/www.pictobello.ch\\\/edition-2012\\\/\",\"name\":\"2012\",\"description\":\"Un site utilisant R\u00e9seau PictoBello\",\"potentialAction\":[{\"@type\":\"SearchAction\",\"target\":{\"@type\":\"EntryPoint\",\"urlTemplate\":\"https:\\\/\\\/www.pictobello.ch\\\/edition-2012\\\/?s={search_term_string}\"},\"query-input\":{\"@type\":\"PropertyValueSpecification\",\"valueRequired\":true,\"valueName\":\"search_term_string\"}}],\"inLanguage\":\"fr-FR\"}]}<\/script>\n<!-- \/ Yoast SEO plugin. -->","yoast_head_json":{"title":"sc\u00e9nario - 2012","robots":{"index":"index","follow":"follow","max-snippet":"max-snippet:-1","max-image-preview":"max-image-preview:large","max-video-preview":"max-video-preview:-1"},"canonical":"https:\/\/www.pictobello.ch\/edition-2012\/theme\/","twitter_misc":{"Dur\u00e9e de lecture estim\u00e9e":"1 minute"},"schema":{"@context":"https:\/\/schema.org","@graph":[{"@type":"WebPage","@id":"https:\/\/www.pictobello.ch\/edition-2012\/theme\/","url":"https:\/\/www.pictobello.ch\/edition-2012\/theme\/","name":"sc\u00e9nario - 2012","isPartOf":{"@id":"https:\/\/www.pictobello.ch\/edition-2012\/#website"},"datePublished":"2013-02-18T15:27:56+00:00","dateModified":"2013-04-22T15:31:15+00:00","breadcrumb":{"@id":"https:\/\/www.pictobello.ch\/edition-2012\/theme\/#breadcrumb"},"inLanguage":"fr-FR","potentialAction":[{"@type":"ReadAction","target":["https:\/\/www.pictobello.ch\/edition-2012\/theme\/"]}]},{"@type":"BreadcrumbList","@id":"https:\/\/www.pictobello.ch\/edition-2012\/theme\/#breadcrumb","itemListElement":[{"@type":"ListItem","position":1,"name":"Accueil","item":"https:\/\/www.pictobello.ch\/edition-2012\/"},{"@type":"ListItem","position":2,"name":"sc\u00e9nario"}]},{"@type":"WebSite","@id":"https:\/\/www.pictobello.ch\/edition-2012\/#website","url":"https:\/\/www.pictobello.ch\/edition-2012\/","name":"2012","description":"Un site utilisant R\u00e9seau PictoBello","potentialAction":[{"@type":"SearchAction","target":{"@type":"EntryPoint","urlTemplate":"https:\/\/www.pictobello.ch\/edition-2012\/?s={search_term_string}"},"query-input":{"@type":"PropertyValueSpecification","valueRequired":true,"valueName":"search_term_string"}}],"inLanguage":"fr-FR"}]}},"_links":{"self":[{"href":"https:\/\/www.pictobello.ch\/edition-2012\/wp-json\/wp\/v2\/pages\/330","targetHints":{"allow":["GET"]}}],"collection":[{"href":"https:\/\/www.pictobello.ch\/edition-2012\/wp-json\/wp\/v2\/pages"}],"about":[{"href":"https:\/\/www.pictobello.ch\/edition-2012\/wp-json\/wp\/v2\/types\/page"}],"author":[{"embeddable":true,"href":"https:\/\/www.pictobello.ch\/edition-2012\/wp-json\/wp\/v2\/users\/3"}],"replies":[{"embeddable":true,"href":"https:\/\/www.pictobello.ch\/edition-2012\/wp-json\/wp\/v2\/comments?post=330"}],"version-history":[{"count":7,"href":"https:\/\/www.pictobello.ch\/edition-2012\/wp-json\/wp\/v2\/pages\/330\/revisions"}],"predecessor-version":[{"id":335,"href":"https:\/\/www.pictobello.ch\/edition-2012\/wp-json\/wp\/v2\/pages\/330\/revisions\/335"}],"wp:attachment":[{"href":"https:\/\/www.pictobello.ch\/edition-2012\/wp-json\/wp\/v2\/media?parent=330"}],"curies":[{"name":"wp","href":"https:\/\/api.w.org\/{rel}","templated":true}]}}