{"id":7,"date":"2021-05-27T08:24:38","date_gmt":"2021-05-27T06:24:38","guid":{"rendered":"https:\/\/www.pictobello.ch\/edition-2021\/dessins\/"},"modified":"2022-01-25T14:35:51","modified_gmt":"2022-01-25T13:35:51","slug":"dessins","status":"publish","type":"page","link":"https:\/\/www.pictobello.ch\/edition-2021\/dessins\/","title":{"rendered":"dessins"},"content":{"rendered":"<div id=\"attachment_159\" style=\"width: 310px\" class=\"wp-caption alignnone\"><a href=\"https:\/\/www.pictobello.ch\/edition-2021\/dessins\/pictobello-18\/\" rel=\"attachment wp-att-159\"><img loading=\"lazy\" decoding=\"async\" aria-describedby=\"caption-attachment-159\" class=\"size-medium wp-image-159\" src=\"https:\/\/www.pictobello.ch\/edition-2021\/wp-content\/uploads\/sites\/23\/2021\/06\/MauraneMazars-dessin-300x140.jpg\" alt=\"Maurane Mazars - Quai Maria-Belgia\" width=\"300\" height=\"140\" srcset=\"https:\/\/www.pictobello.ch\/edition-2021\/wp-content\/uploads\/sites\/23\/2021\/06\/MauraneMazars-dessin-300x140.jpg 300w, https:\/\/www.pictobello.ch\/edition-2021\/wp-content\/uploads\/sites\/23\/2021\/06\/MauraneMazars-dessin-1024x478.jpg 1024w, https:\/\/www.pictobello.ch\/edition-2021\/wp-content\/uploads\/sites\/23\/2021\/06\/MauraneMazars-dessin-768x359.jpg 768w, https:\/\/www.pictobello.ch\/edition-2021\/wp-content\/uploads\/sites\/23\/2021\/06\/MauraneMazars-dessin-1536x717.jpg 1536w, https:\/\/www.pictobello.ch\/edition-2021\/wp-content\/uploads\/sites\/23\/2021\/06\/MauraneMazars-dessin-2048x956.jpg 2048w, https:\/\/www.pictobello.ch\/edition-2021\/wp-content\/uploads\/sites\/23\/2021\/06\/MauraneMazars-dessin-260x121.jpg 260w, https:\/\/www.pictobello.ch\/edition-2021\/wp-content\/uploads\/sites\/23\/2021\/06\/MauraneMazars-dessin-575x269.jpg 575w, https:\/\/www.pictobello.ch\/edition-2021\/wp-content\/uploads\/sites\/23\/2021\/06\/MauraneMazars-dessin-640x299.jpg 640w\" sizes=\"auto, (max-width: 300px) 100vw, 300px\" \/><\/a><p id=\"caption-attachment-159\" class=\"wp-caption-text\">Maurane Mazars &#8211; Quai Maria-Belgia<\/p><\/div>\n<div id=\"attachment_161\" style=\"width: 310px\" class=\"wp-caption alignnone\"><a href=\"https:\/\/www.pictobello.ch\/edition-2021\/dessins\/pictobello-20\/\" rel=\"attachment wp-att-161\"><img loading=\"lazy\" decoding=\"async\" aria-describedby=\"caption-attachment-161\" class=\"size-medium wp-image-161\" src=\"https:\/\/www.pictobello.ch\/edition-2021\/wp-content\/uploads\/sites\/23\/2021\/06\/UgoGattoni-dessin-300x139.jpg\" alt=\"Ugo Gattoni - Jardin du Mus\u00e9e Jenisch Vevey\" width=\"300\" height=\"139\" srcset=\"https:\/\/www.pictobello.ch\/edition-2021\/wp-content\/uploads\/sites\/23\/2021\/06\/UgoGattoni-dessin-300x139.jpg 300w, https:\/\/www.pictobello.ch\/edition-2021\/wp-content\/uploads\/sites\/23\/2021\/06\/UgoGattoni-dessin-1024x475.jpg 1024w, https:\/\/www.pictobello.ch\/edition-2021\/wp-content\/uploads\/sites\/23\/2021\/06\/UgoGattoni-dessin-768x356.jpg 768w, https:\/\/www.pictobello.ch\/edition-2021\/wp-content\/uploads\/sites\/23\/2021\/06\/UgoGattoni-dessin-1536x713.jpg 1536w, https:\/\/www.pictobello.ch\/edition-2021\/wp-content\/uploads\/sites\/23\/2021\/06\/UgoGattoni-dessin-2048x950.jpg 2048w, https:\/\/www.pictobello.ch\/edition-2021\/wp-content\/uploads\/sites\/23\/2021\/06\/UgoGattoni-dessin-260x121.jpg 260w, https:\/\/www.pictobello.ch\/edition-2021\/wp-content\/uploads\/sites\/23\/2021\/06\/UgoGattoni-dessin-575x267.jpg 575w, https:\/\/www.pictobello.ch\/edition-2021\/wp-content\/uploads\/sites\/23\/2021\/06\/UgoGattoni-dessin-640x297.jpg 640w\" sizes=\"auto, (max-width: 300px) 100vw, 300px\" \/><\/a><p id=\"caption-attachment-161\" class=\"wp-caption-text\">Ugo Gattoni &#8211; Jardin du Mus\u00e9e Jenisch Vevey<\/p><\/div>\n<div id=\"attachment_160\" style=\"width: 310px\" class=\"wp-caption alignnone\"><a href=\"https:\/\/www.pictobello.ch\/edition-2021\/dessins\/pictobello-19\/\" rel=\"attachment wp-att-160\"><img loading=\"lazy\" decoding=\"async\" aria-describedby=\"caption-attachment-160\" class=\"size-medium wp-image-160\" src=\"https:\/\/www.pictobello.ch\/edition-2021\/wp-content\/uploads\/sites\/23\/2021\/06\/RenataMartino-dessin-300x140.jpg\" alt=\"Renata Martino - Place de la Gare\" width=\"300\" height=\"140\" srcset=\"https:\/\/www.pictobello.ch\/edition-2021\/wp-content\/uploads\/sites\/23\/2021\/06\/RenataMartino-dessin-300x140.jpg 300w, https:\/\/www.pictobello.ch\/edition-2021\/wp-content\/uploads\/sites\/23\/2021\/06\/RenataMartino-dessin-1024x478.jpg 1024w, https:\/\/www.pictobello.ch\/edition-2021\/wp-content\/uploads\/sites\/23\/2021\/06\/RenataMartino-dessin-768x358.jpg 768w, https:\/\/www.pictobello.ch\/edition-2021\/wp-content\/uploads\/sites\/23\/2021\/06\/RenataMartino-dessin-1536x717.jpg 1536w, https:\/\/www.pictobello.ch\/edition-2021\/wp-content\/uploads\/sites\/23\/2021\/06\/RenataMartino-dessin-2048x956.jpg 2048w, https:\/\/www.pictobello.ch\/edition-2021\/wp-content\/uploads\/sites\/23\/2021\/06\/RenataMartino-dessin-260x121.jpg 260w, https:\/\/www.pictobello.ch\/edition-2021\/wp-content\/uploads\/sites\/23\/2021\/06\/RenataMartino-dessin-575x268.jpg 575w, https:\/\/www.pictobello.ch\/edition-2021\/wp-content\/uploads\/sites\/23\/2021\/06\/RenataMartino-dessin-640x299.jpg 640w\" sizes=\"auto, (max-width: 300px) 100vw, 300px\" \/><\/a><p id=\"caption-attachment-160\" class=\"wp-caption-text\">Renata Martino &#8211; Place de la Gare<\/p><\/div>\n<div id=\"attachment_158\" style=\"width: 310px\" class=\"wp-caption alignnone\"><a href=\"https:\/\/www.pictobello.ch\/edition-2021\/dessins\/pictobello-17\/\" rel=\"attachment wp-att-158\"><img loading=\"lazy\" decoding=\"async\" aria-describedby=\"caption-attachment-158\" class=\"size-medium wp-image-158\" src=\"https:\/\/www.pictobello.ch\/edition-2021\/wp-content\/uploads\/sites\/23\/2021\/06\/MaudOihenart-dessin-300x140.jpg\" alt=\"Maud O\u00efh\u00e9nart - Place de l'H\u00f4tel-de-Ville\" width=\"300\" height=\"140\" srcset=\"https:\/\/www.pictobello.ch\/edition-2021\/wp-content\/uploads\/sites\/23\/2021\/06\/MaudOihenart-dessin-300x140.jpg 300w, https:\/\/www.pictobello.ch\/edition-2021\/wp-content\/uploads\/sites\/23\/2021\/06\/MaudOihenart-dessin-1024x477.jpg 1024w, https:\/\/www.pictobello.ch\/edition-2021\/wp-content\/uploads\/sites\/23\/2021\/06\/MaudOihenart-dessin-768x358.jpg 768w, https:\/\/www.pictobello.ch\/edition-2021\/wp-content\/uploads\/sites\/23\/2021\/06\/MaudOihenart-dessin-1536x715.jpg 1536w, https:\/\/www.pictobello.ch\/edition-2021\/wp-content\/uploads\/sites\/23\/2021\/06\/MaudOihenart-dessin-2048x954.jpg 2048w, https:\/\/www.pictobello.ch\/edition-2021\/wp-content\/uploads\/sites\/23\/2021\/06\/MaudOihenart-dessin-260x121.jpg 260w, https:\/\/www.pictobello.ch\/edition-2021\/wp-content\/uploads\/sites\/23\/2021\/06\/MaudOihenart-dessin-575x268.jpg 575w, https:\/\/www.pictobello.ch\/edition-2021\/wp-content\/uploads\/sites\/23\/2021\/06\/MaudOihenart-dessin-640x298.jpg 640w\" sizes=\"auto, (max-width: 300px) 100vw, 300px\" \/><\/a><p id=\"caption-attachment-158\" class=\"wp-caption-text\">Maud O\u00efh\u00e9nart &#8211; Place de l&rsquo;H\u00f4tel-de-Ville<\/p><\/div>\n<div id=\"attachment_157\" style=\"width: 310px\" class=\"wp-caption alignnone\"><a href=\"https:\/\/www.pictobello.ch\/edition-2021\/dessins\/pictobello-16\/\" rel=\"attachment wp-att-157\"><img loading=\"lazy\" decoding=\"async\" aria-describedby=\"caption-attachment-157\" class=\"size-medium wp-image-157\" src=\"https:\/\/www.pictobello.ch\/edition-2021\/wp-content\/uploads\/sites\/23\/2021\/06\/MartinPittet-dessin-300x139.jpg\" alt=\"Martin Pittet - Place de la Gare\" width=\"300\" height=\"139\" srcset=\"https:\/\/www.pictobello.ch\/edition-2021\/wp-content\/uploads\/sites\/23\/2021\/06\/MartinPittet-dessin-300x139.jpg 300w, https:\/\/www.pictobello.ch\/edition-2021\/wp-content\/uploads\/sites\/23\/2021\/06\/MartinPittet-dessin-1024x476.jpg 1024w, https:\/\/www.pictobello.ch\/edition-2021\/wp-content\/uploads\/sites\/23\/2021\/06\/MartinPittet-dessin-768x357.jpg 768w, https:\/\/www.pictobello.ch\/edition-2021\/wp-content\/uploads\/sites\/23\/2021\/06\/MartinPittet-dessin-1536x714.jpg 1536w, https:\/\/www.pictobello.ch\/edition-2021\/wp-content\/uploads\/sites\/23\/2021\/06\/MartinPittet-dessin-2048x952.jpg 2048w, https:\/\/www.pictobello.ch\/edition-2021\/wp-content\/uploads\/sites\/23\/2021\/06\/MartinPittet-dessin-260x121.jpg 260w, https:\/\/www.pictobello.ch\/edition-2021\/wp-content\/uploads\/sites\/23\/2021\/06\/MartinPittet-dessin-575x267.jpg 575w, https:\/\/www.pictobello.ch\/edition-2021\/wp-content\/uploads\/sites\/23\/2021\/06\/MartinPittet-dessin-640x297.jpg 640w\" sizes=\"auto, (max-width: 300px) 100vw, 300px\" \/><\/a><p id=\"caption-attachment-157\" class=\"wp-caption-text\">Martin Pittet &#8211; Place de la Gare<\/p><\/div>\n<div id=\"attachment_156\" style=\"width: 310px\" class=\"wp-caption alignnone\"><a href=\"https:\/\/www.pictobello.ch\/edition-2021\/dessins\/pictobello-15\/\" rel=\"attachment wp-att-156\"><img loading=\"lazy\" decoding=\"async\" aria-describedby=\"caption-attachment-156\" class=\"size-medium wp-image-156\" src=\"https:\/\/www.pictobello.ch\/edition-2021\/wp-content\/uploads\/sites\/23\/2021\/06\/Maou-dessin-300x141.jpg\" alt=\"Maou - Place de l'H\u00f4tel-de-Ville\" width=\"300\" height=\"141\" srcset=\"https:\/\/www.pictobello.ch\/edition-2021\/wp-content\/uploads\/sites\/23\/2021\/06\/Maou-dessin-300x141.jpg 300w, https:\/\/www.pictobello.ch\/edition-2021\/wp-content\/uploads\/sites\/23\/2021\/06\/Maou-dessin-1024x482.jpg 1024w, https:\/\/www.pictobello.ch\/edition-2021\/wp-content\/uploads\/sites\/23\/2021\/06\/Maou-dessin-768x361.jpg 768w, https:\/\/www.pictobello.ch\/edition-2021\/wp-content\/uploads\/sites\/23\/2021\/06\/Maou-dessin-1536x722.jpg 1536w, https:\/\/www.pictobello.ch\/edition-2021\/wp-content\/uploads\/sites\/23\/2021\/06\/Maou-dessin-2048x963.jpg 2048w, https:\/\/www.pictobello.ch\/edition-2021\/wp-content\/uploads\/sites\/23\/2021\/06\/Maou-dessin-260x122.jpg 260w, https:\/\/www.pictobello.ch\/edition-2021\/wp-content\/uploads\/sites\/23\/2021\/06\/Maou-dessin-575x270.jpg 575w, https:\/\/www.pictobello.ch\/edition-2021\/wp-content\/uploads\/sites\/23\/2021\/06\/Maou-dessin-640x301.jpg 640w\" sizes=\"auto, (max-width: 300px) 100vw, 300px\" \/><\/a><p id=\"caption-attachment-156\" class=\"wp-caption-text\">Maou &#8211; Place de l&rsquo;H\u00f4tel-de-Ville<\/p><\/div>\n<div id=\"attachment_155\" style=\"width: 310px\" class=\"wp-caption alignnone\"><a href=\"https:\/\/www.pictobello.ch\/edition-2021\/dessins\/pictobello-14\/\" rel=\"attachment wp-att-155\"><img loading=\"lazy\" decoding=\"async\" aria-describedby=\"caption-attachment-155\" class=\"size-medium wp-image-155\" src=\"https:\/\/www.pictobello.ch\/edition-2021\/wp-content\/uploads\/sites\/23\/2021\/06\/LouisLoupCollet-dessin-300x139.jpg\" alt=\"Louis Loup Collet - Jardin du Mus\u00e9e Jenisch Vevey\" width=\"300\" height=\"139\" srcset=\"https:\/\/www.pictobello.ch\/edition-2021\/wp-content\/uploads\/sites\/23\/2021\/06\/LouisLoupCollet-dessin-300x139.jpg 300w, https:\/\/www.pictobello.ch\/edition-2021\/wp-content\/uploads\/sites\/23\/2021\/06\/LouisLoupCollet-dessin-1024x475.jpg 1024w, https:\/\/www.pictobello.ch\/edition-2021\/wp-content\/uploads\/sites\/23\/2021\/06\/LouisLoupCollet-dessin-768x356.jpg 768w, https:\/\/www.pictobello.ch\/edition-2021\/wp-content\/uploads\/sites\/23\/2021\/06\/LouisLoupCollet-dessin-1536x712.jpg 1536w, https:\/\/www.pictobello.ch\/edition-2021\/wp-content\/uploads\/sites\/23\/2021\/06\/LouisLoupCollet-dessin-2048x949.jpg 2048w, https:\/\/www.pictobello.ch\/edition-2021\/wp-content\/uploads\/sites\/23\/2021\/06\/LouisLoupCollet-dessin-260x120.jpg 260w, https:\/\/www.pictobello.ch\/edition-2021\/wp-content\/uploads\/sites\/23\/2021\/06\/LouisLoupCollet-dessin-575x266.jpg 575w, https:\/\/www.pictobello.ch\/edition-2021\/wp-content\/uploads\/sites\/23\/2021\/06\/LouisLoupCollet-dessin-640x297.jpg 640w\" sizes=\"auto, (max-width: 300px) 100vw, 300px\" \/><\/a><p id=\"caption-attachment-155\" class=\"wp-caption-text\">Louis Loup Collet &#8211; Jardin du Mus\u00e9e Jenisch Vevey<\/p><\/div>\n<div id=\"attachment_154\" style=\"width: 310px\" class=\"wp-caption alignnone\"><a href=\"https:\/\/www.pictobello.ch\/edition-2021\/dessins\/pictobello-13\/\" rel=\"attachment wp-att-154\"><img loading=\"lazy\" decoding=\"async\" aria-describedby=\"caption-attachment-154\" class=\"size-medium wp-image-154\" src=\"https:\/\/www.pictobello.ch\/edition-2021\/wp-content\/uploads\/sites\/23\/2021\/06\/LeonieRosler-dessin-300x140.jpg\" alt=\"Leonie R\u00f6sler - Place de la Gare\" width=\"300\" height=\"140\" srcset=\"https:\/\/www.pictobello.ch\/edition-2021\/wp-content\/uploads\/sites\/23\/2021\/06\/LeonieRosler-dessin-300x140.jpg 300w, https:\/\/www.pictobello.ch\/edition-2021\/wp-content\/uploads\/sites\/23\/2021\/06\/LeonieRosler-dessin-1024x476.jpg 1024w, https:\/\/www.pictobello.ch\/edition-2021\/wp-content\/uploads\/sites\/23\/2021\/06\/LeonieRosler-dessin-768x357.jpg 768w, https:\/\/www.pictobello.ch\/edition-2021\/wp-content\/uploads\/sites\/23\/2021\/06\/LeonieRosler-dessin-1536x714.jpg 1536w, https:\/\/www.pictobello.ch\/edition-2021\/wp-content\/uploads\/sites\/23\/2021\/06\/LeonieRosler-dessin-2048x953.jpg 2048w, https:\/\/www.pictobello.ch\/edition-2021\/wp-content\/uploads\/sites\/23\/2021\/06\/LeonieRosler-dessin-260x121.jpg 260w, https:\/\/www.pictobello.ch\/edition-2021\/wp-content\/uploads\/sites\/23\/2021\/06\/LeonieRosler-dessin-575x267.jpg 575w, https:\/\/www.pictobello.ch\/edition-2021\/wp-content\/uploads\/sites\/23\/2021\/06\/LeonieRosler-dessin-640x298.jpg 640w\" sizes=\"auto, (max-width: 300px) 100vw, 300px\" \/><\/a><p id=\"caption-attachment-154\" class=\"wp-caption-text\">Leonie R\u00f6sler &#8211; Place de la Gare<\/p><\/div>\n<div id=\"attachment_153\" style=\"width: 310px\" class=\"wp-caption alignnone\"><a href=\"https:\/\/www.pictobello.ch\/edition-2021\/dessins\/pictobello-12\/\" rel=\"attachment wp-att-153\"><img loading=\"lazy\" decoding=\"async\" aria-describedby=\"caption-attachment-153\" class=\"size-medium wp-image-153\" src=\"https:\/\/www.pictobello.ch\/edition-2021\/wp-content\/uploads\/sites\/23\/2021\/06\/Icinori-dessin-300x141.jpg\" alt=\"Icinori - Jardin du Mus\u00e9e Jenisch Vevey\" width=\"300\" height=\"141\" srcset=\"https:\/\/www.pictobello.ch\/edition-2021\/wp-content\/uploads\/sites\/23\/2021\/06\/Icinori-dessin-300x141.jpg 300w, https:\/\/www.pictobello.ch\/edition-2021\/wp-content\/uploads\/sites\/23\/2021\/06\/Icinori-dessin-1024x480.jpg 1024w, https:\/\/www.pictobello.ch\/edition-2021\/wp-content\/uploads\/sites\/23\/2021\/06\/Icinori-dessin-768x360.jpg 768w, https:\/\/www.pictobello.ch\/edition-2021\/wp-content\/uploads\/sites\/23\/2021\/06\/Icinori-dessin-1536x720.jpg 1536w, https:\/\/www.pictobello.ch\/edition-2021\/wp-content\/uploads\/sites\/23\/2021\/06\/Icinori-dessin-2048x960.jpg 2048w, https:\/\/www.pictobello.ch\/edition-2021\/wp-content\/uploads\/sites\/23\/2021\/06\/Icinori-dessin-260x122.jpg 260w, https:\/\/www.pictobello.ch\/edition-2021\/wp-content\/uploads\/sites\/23\/2021\/06\/Icinori-dessin-575x269.jpg 575w, https:\/\/www.pictobello.ch\/edition-2021\/wp-content\/uploads\/sites\/23\/2021\/06\/Icinori-dessin-640x300.jpg 640w\" sizes=\"auto, (max-width: 300px) 100vw, 300px\" \/><\/a><p id=\"caption-attachment-153\" class=\"wp-caption-text\">Icinori &#8211; Jardin du Mus\u00e9e Jenisch Vevey<\/p><\/div>\n<div id=\"attachment_152\" style=\"width: 310px\" class=\"wp-caption alignnone\"><a href=\"https:\/\/www.pictobello.ch\/edition-2021\/dessins\/pictobello-11\/\" rel=\"attachment wp-att-152\"><img loading=\"lazy\" decoding=\"async\" aria-describedby=\"caption-attachment-152\" class=\"size-medium wp-image-152\" src=\"https:\/\/www.pictobello.ch\/edition-2021\/wp-content\/uploads\/sites\/23\/2021\/06\/HayanKamNakache-dessin-300x140.jpg\" alt=\"Hayan Kam Nakache - Place du March\u00e9\" width=\"300\" height=\"140\" srcset=\"https:\/\/www.pictobello.ch\/edition-2021\/wp-content\/uploads\/sites\/23\/2021\/06\/HayanKamNakache-dessin-300x140.jpg 300w, https:\/\/www.pictobello.ch\/edition-2021\/wp-content\/uploads\/sites\/23\/2021\/06\/HayanKamNakache-dessin-1024x477.jpg 1024w, https:\/\/www.pictobello.ch\/edition-2021\/wp-content\/uploads\/sites\/23\/2021\/06\/HayanKamNakache-dessin-768x358.jpg 768w, https:\/\/www.pictobello.ch\/edition-2021\/wp-content\/uploads\/sites\/23\/2021\/06\/HayanKamNakache-dessin-1536x716.jpg 1536w, https:\/\/www.pictobello.ch\/edition-2021\/wp-content\/uploads\/sites\/23\/2021\/06\/HayanKamNakache-dessin-2048x955.jpg 2048w, https:\/\/www.pictobello.ch\/edition-2021\/wp-content\/uploads\/sites\/23\/2021\/06\/HayanKamNakache-dessin-260x121.jpg 260w, https:\/\/www.pictobello.ch\/edition-2021\/wp-content\/uploads\/sites\/23\/2021\/06\/HayanKamNakache-dessin-575x268.jpg 575w, https:\/\/www.pictobello.ch\/edition-2021\/wp-content\/uploads\/sites\/23\/2021\/06\/HayanKamNakache-dessin-640x298.jpg 640w\" sizes=\"auto, (max-width: 300px) 100vw, 300px\" \/><\/a><p id=\"caption-attachment-152\" class=\"wp-caption-text\">Hayan Kam Nakache &#8211; Place du March\u00e9<\/p><\/div>\n<div id=\"attachment_151\" style=\"width: 310px\" class=\"wp-caption alignnone\"><a href=\"https:\/\/www.pictobello.ch\/edition-2021\/dessins\/pictobello-10\/\" rel=\"attachment wp-att-151\"><img loading=\"lazy\" decoding=\"async\" aria-describedby=\"caption-attachment-151\" class=\"size-medium wp-image-151\" src=\"https:\/\/www.pictobello.ch\/edition-2021\/wp-content\/uploads\/sites\/23\/2021\/06\/ErwannSurcouf-dessin-300x139.jpg\" alt=\"Erwann Surcouf - Quai Maria-Belgia\" width=\"300\" height=\"139\" srcset=\"https:\/\/www.pictobello.ch\/edition-2021\/wp-content\/uploads\/sites\/23\/2021\/06\/ErwannSurcouf-dessin-300x139.jpg 300w, https:\/\/www.pictobello.ch\/edition-2021\/wp-content\/uploads\/sites\/23\/2021\/06\/ErwannSurcouf-dessin-1024x473.jpg 1024w, https:\/\/www.pictobello.ch\/edition-2021\/wp-content\/uploads\/sites\/23\/2021\/06\/ErwannSurcouf-dessin-768x355.jpg 768w, https:\/\/www.pictobello.ch\/edition-2021\/wp-content\/uploads\/sites\/23\/2021\/06\/ErwannSurcouf-dessin-1536x709.jpg 1536w, https:\/\/www.pictobello.ch\/edition-2021\/wp-content\/uploads\/sites\/23\/2021\/06\/ErwannSurcouf-dessin-2048x946.jpg 2048w, https:\/\/www.pictobello.ch\/edition-2021\/wp-content\/uploads\/sites\/23\/2021\/06\/ErwannSurcouf-dessin-260x120.jpg 260w, https:\/\/www.pictobello.ch\/edition-2021\/wp-content\/uploads\/sites\/23\/2021\/06\/ErwannSurcouf-dessin-575x266.jpg 575w, https:\/\/www.pictobello.ch\/edition-2021\/wp-content\/uploads\/sites\/23\/2021\/06\/ErwannSurcouf-dessin-640x296.jpg 640w\" sizes=\"auto, (max-width: 300px) 100vw, 300px\" \/><\/a><p id=\"caption-attachment-151\" class=\"wp-caption-text\">Erwann Surcouf &#8211; Quai Maria-Belgia<\/p><\/div>\n<div id=\"attachment_150\" style=\"width: 310px\" class=\"wp-caption alignnone\"><a href=\"https:\/\/www.pictobello.ch\/edition-2021\/dessins\/pictobello-9\/\" rel=\"attachment wp-att-150\"><img loading=\"lazy\" decoding=\"async\" aria-describedby=\"caption-attachment-150\" class=\"size-medium wp-image-150\" src=\"https:\/\/www.pictobello.ch\/edition-2021\/wp-content\/uploads\/sites\/23\/2021\/06\/ElorriCharriton-dessin-300x140.jpg\" alt=\"Elorri Charriton - Place de l'H\u00f4tel-de-Ville\" width=\"300\" height=\"140\" srcset=\"https:\/\/www.pictobello.ch\/edition-2021\/wp-content\/uploads\/sites\/23\/2021\/06\/ElorriCharriton-dessin-300x140.jpg 300w, https:\/\/www.pictobello.ch\/edition-2021\/wp-content\/uploads\/sites\/23\/2021\/06\/ElorriCharriton-dessin-1024x478.jpg 1024w, https:\/\/www.pictobello.ch\/edition-2021\/wp-content\/uploads\/sites\/23\/2021\/06\/ElorriCharriton-dessin-768x358.jpg 768w, https:\/\/www.pictobello.ch\/edition-2021\/wp-content\/uploads\/sites\/23\/2021\/06\/ElorriCharriton-dessin-1536x716.jpg 1536w, https:\/\/www.pictobello.ch\/edition-2021\/wp-content\/uploads\/sites\/23\/2021\/06\/ElorriCharriton-dessin-2048x955.jpg 2048w, https:\/\/www.pictobello.ch\/edition-2021\/wp-content\/uploads\/sites\/23\/2021\/06\/ElorriCharriton-dessin-260x121.jpg 260w, https:\/\/www.pictobello.ch\/edition-2021\/wp-content\/uploads\/sites\/23\/2021\/06\/ElorriCharriton-dessin-575x268.jpg 575w, https:\/\/www.pictobello.ch\/edition-2021\/wp-content\/uploads\/sites\/23\/2021\/06\/ElorriCharriton-dessin-640x298.jpg 640w\" sizes=\"auto, (max-width: 300px) 100vw, 300px\" \/><\/a><p id=\"caption-attachment-150\" class=\"wp-caption-text\">Elorri Charriton &#8211; Place de l&rsquo;H\u00f4tel-de-Ville<\/p><\/div>\n<div id=\"attachment_149\" style=\"width: 310px\" class=\"wp-caption alignnone\"><a href=\"https:\/\/www.pictobello.ch\/edition-2021\/dessins\/pictobello-8\/\" rel=\"attachment wp-att-149\"><img loading=\"lazy\" decoding=\"async\" aria-describedby=\"caption-attachment-149\" class=\"size-medium wp-image-149\" src=\"https:\/\/www.pictobello.ch\/edition-2021\/wp-content\/uploads\/sites\/23\/2021\/06\/EdmondBaudoin-dessin-300x140.jpg\" alt=\"Edmond Baudoin - Quai Maria-Belgia\" width=\"300\" height=\"140\" srcset=\"https:\/\/www.pictobello.ch\/edition-2021\/wp-content\/uploads\/sites\/23\/2021\/06\/EdmondBaudoin-dessin-300x140.jpg 300w, https:\/\/www.pictobello.ch\/edition-2021\/wp-content\/uploads\/sites\/23\/2021\/06\/EdmondBaudoin-dessin-1024x477.jpg 1024w, https:\/\/www.pictobello.ch\/edition-2021\/wp-content\/uploads\/sites\/23\/2021\/06\/EdmondBaudoin-dessin-768x358.jpg 768w, https:\/\/www.pictobello.ch\/edition-2021\/wp-content\/uploads\/sites\/23\/2021\/06\/EdmondBaudoin-dessin-1536x715.jpg 1536w, https:\/\/www.pictobello.ch\/edition-2021\/wp-content\/uploads\/sites\/23\/2021\/06\/EdmondBaudoin-dessin-2048x953.jpg 2048w, https:\/\/www.pictobello.ch\/edition-2021\/wp-content\/uploads\/sites\/23\/2021\/06\/EdmondBaudoin-dessin-260x121.jpg 260w, https:\/\/www.pictobello.ch\/edition-2021\/wp-content\/uploads\/sites\/23\/2021\/06\/EdmondBaudoin-dessin-575x268.jpg 575w, https:\/\/www.pictobello.ch\/edition-2021\/wp-content\/uploads\/sites\/23\/2021\/06\/EdmondBaudoin-dessin-640x298.jpg 640w\" sizes=\"auto, (max-width: 300px) 100vw, 300px\" \/><\/a><p id=\"caption-attachment-149\" class=\"wp-caption-text\">Edmond Baudoin &#8211; Quai Maria-Belgia<\/p><\/div>\n<div id=\"attachment_148\" style=\"width: 310px\" class=\"wp-caption alignnone\"><a href=\"https:\/\/www.pictobello.ch\/edition-2021\/dessins\/pictobello-7\/\" rel=\"attachment wp-att-148\"><img loading=\"lazy\" decoding=\"async\" aria-describedby=\"caption-attachment-148\" class=\"size-medium wp-image-148\" src=\"https:\/\/www.pictobello.ch\/edition-2021\/wp-content\/uploads\/sites\/23\/2021\/06\/ConradinWahl-dessin-300x140.jpg\" alt=\"Conradin Wahl - Place du March\u00e9\" width=\"300\" height=\"140\" srcset=\"https:\/\/www.pictobello.ch\/edition-2021\/wp-content\/uploads\/sites\/23\/2021\/06\/ConradinWahl-dessin-300x140.jpg 300w, https:\/\/www.pictobello.ch\/edition-2021\/wp-content\/uploads\/sites\/23\/2021\/06\/ConradinWahl-dessin-1024x477.jpg 1024w, https:\/\/www.pictobello.ch\/edition-2021\/wp-content\/uploads\/sites\/23\/2021\/06\/ConradinWahl-dessin-768x358.jpg 768w, https:\/\/www.pictobello.ch\/edition-2021\/wp-content\/uploads\/sites\/23\/2021\/06\/ConradinWahl-dessin-1536x716.jpg 1536w, https:\/\/www.pictobello.ch\/edition-2021\/wp-content\/uploads\/sites\/23\/2021\/06\/ConradinWahl-dessin-2048x954.jpg 2048w, https:\/\/www.pictobello.ch\/edition-2021\/wp-content\/uploads\/sites\/23\/2021\/06\/ConradinWahl-dessin-260x121.jpg 260w, https:\/\/www.pictobello.ch\/edition-2021\/wp-content\/uploads\/sites\/23\/2021\/06\/ConradinWahl-dessin-575x268.jpg 575w, https:\/\/www.pictobello.ch\/edition-2021\/wp-content\/uploads\/sites\/23\/2021\/06\/ConradinWahl-dessin-640x298.jpg 640w\" sizes=\"auto, (max-width: 300px) 100vw, 300px\" \/><\/a><p id=\"caption-attachment-148\" class=\"wp-caption-text\">Conradin Wahl &#8211; Place du March\u00e9<\/p><\/div>\n<div id=\"attachment_147\" style=\"width: 310px\" class=\"wp-caption alignnone\"><a href=\"https:\/\/www.pictobello.ch\/edition-2021\/dessins\/pictobello-6\/\" rel=\"attachment wp-att-147\"><img loading=\"lazy\" decoding=\"async\" aria-describedby=\"caption-attachment-147\" class=\"size-medium wp-image-147\" src=\"https:\/\/www.pictobello.ch\/edition-2021\/wp-content\/uploads\/sites\/23\/2021\/06\/ChloeWary-dessin-300x139.jpg\" alt=\"Chlo\u00e9 Wary - Place du March\u00e9\" width=\"300\" height=\"139\" srcset=\"https:\/\/www.pictobello.ch\/edition-2021\/wp-content\/uploads\/sites\/23\/2021\/06\/ChloeWary-dessin-300x139.jpg 300w, https:\/\/www.pictobello.ch\/edition-2021\/wp-content\/uploads\/sites\/23\/2021\/06\/ChloeWary-dessin-1024x476.jpg 1024w, https:\/\/www.pictobello.ch\/edition-2021\/wp-content\/uploads\/sites\/23\/2021\/06\/ChloeWary-dessin-768x357.jpg 768w, https:\/\/www.pictobello.ch\/edition-2021\/wp-content\/uploads\/sites\/23\/2021\/06\/ChloeWary-dessin-1536x713.jpg 1536w, https:\/\/www.pictobello.ch\/edition-2021\/wp-content\/uploads\/sites\/23\/2021\/06\/ChloeWary-dessin-2048x951.jpg 2048w, https:\/\/www.pictobello.ch\/edition-2021\/wp-content\/uploads\/sites\/23\/2021\/06\/ChloeWary-dessin-260x121.jpg 260w, https:\/\/www.pictobello.ch\/edition-2021\/wp-content\/uploads\/sites\/23\/2021\/06\/ChloeWary-dessin-575x267.jpg 575w, https:\/\/www.pictobello.ch\/edition-2021\/wp-content\/uploads\/sites\/23\/2021\/06\/ChloeWary-dessin-640x297.jpg 640w\" sizes=\"auto, (max-width: 300px) 100vw, 300px\" \/><\/a><p id=\"caption-attachment-147\" class=\"wp-caption-text\">Chlo\u00e9 Wary &#8211; Place du March\u00e9<\/p><\/div>\n<div id=\"attachment_146\" style=\"width: 310px\" class=\"wp-caption alignnone\"><a href=\"https:\/\/www.pictobello.ch\/edition-2021\/dessins\/pictobello-5\/\" rel=\"attachment wp-att-146\"><img loading=\"lazy\" decoding=\"async\" aria-describedby=\"caption-attachment-146\" class=\"size-medium wp-image-146\" src=\"https:\/\/www.pictobello.ch\/edition-2021\/wp-content\/uploads\/sites\/23\/2021\/06\/BastienConus-dessin-300x143.jpg\" alt=\"Bastien Conus - Place de l'H\u00f4tel-de-Ville\" width=\"300\" height=\"143\" srcset=\"https:\/\/www.pictobello.ch\/edition-2021\/wp-content\/uploads\/sites\/23\/2021\/06\/BastienConus-dessin-300x143.jpg 300w, https:\/\/www.pictobello.ch\/edition-2021\/wp-content\/uploads\/sites\/23\/2021\/06\/BastienConus-dessin-1024x490.jpg 1024w, https:\/\/www.pictobello.ch\/edition-2021\/wp-content\/uploads\/sites\/23\/2021\/06\/BastienConus-dessin-768x367.jpg 768w, https:\/\/www.pictobello.ch\/edition-2021\/wp-content\/uploads\/sites\/23\/2021\/06\/BastienConus-dessin-1536x735.jpg 1536w, https:\/\/www.pictobello.ch\/edition-2021\/wp-content\/uploads\/sites\/23\/2021\/06\/BastienConus-dessin-2048x980.jpg 2048w, https:\/\/www.pictobello.ch\/edition-2021\/wp-content\/uploads\/sites\/23\/2021\/06\/BastienConus-dessin-260x124.jpg 260w, https:\/\/www.pictobello.ch\/edition-2021\/wp-content\/uploads\/sites\/23\/2021\/06\/BastienConus-dessin-575x275.jpg 575w, https:\/\/www.pictobello.ch\/edition-2021\/wp-content\/uploads\/sites\/23\/2021\/06\/BastienConus-dessin-640x306.jpg 640w\" sizes=\"auto, (max-width: 300px) 100vw, 300px\" \/><\/a><p id=\"caption-attachment-146\" class=\"wp-caption-text\">Bastien Conus &#8211; Place de l&rsquo;H\u00f4tel-de-Ville<\/p><\/div>\n<div id=\"attachment_145\" style=\"width: 310px\" class=\"wp-caption alignnone\"><a href=\"https:\/\/www.pictobello.ch\/edition-2021\/dessins\/pictobello-4\/\" rel=\"attachment wp-att-145\"><img loading=\"lazy\" decoding=\"async\" aria-describedby=\"caption-attachment-145\" class=\"size-medium wp-image-145\" src=\"https:\/\/www.pictobello.ch\/edition-2021\/wp-content\/uploads\/sites\/23\/2021\/06\/AlineZalko-dessin-300x140.jpg\" alt=\"Aline Zalko - Jardin du Mus\u00e9e Jenisch Vevey\" width=\"300\" height=\"140\" srcset=\"https:\/\/www.pictobello.ch\/edition-2021\/wp-content\/uploads\/sites\/23\/2021\/06\/AlineZalko-dessin-300x140.jpg 300w, https:\/\/www.pictobello.ch\/edition-2021\/wp-content\/uploads\/sites\/23\/2021\/06\/AlineZalko-dessin-1024x479.jpg 1024w, https:\/\/www.pictobello.ch\/edition-2021\/wp-content\/uploads\/sites\/23\/2021\/06\/AlineZalko-dessin-768x360.jpg 768w, https:\/\/www.pictobello.ch\/edition-2021\/wp-content\/uploads\/sites\/23\/2021\/06\/AlineZalko-dessin-1536x719.jpg 1536w, https:\/\/www.pictobello.ch\/edition-2021\/wp-content\/uploads\/sites\/23\/2021\/06\/AlineZalko-dessin-2048x959.jpg 2048w, https:\/\/www.pictobello.ch\/edition-2021\/wp-content\/uploads\/sites\/23\/2021\/06\/AlineZalko-dessin-260x122.jpg 260w, https:\/\/www.pictobello.ch\/edition-2021\/wp-content\/uploads\/sites\/23\/2021\/06\/AlineZalko-dessin-575x269.jpg 575w, https:\/\/www.pictobello.ch\/edition-2021\/wp-content\/uploads\/sites\/23\/2021\/06\/AlineZalko-dessin-640x300.jpg 640w\" sizes=\"auto, (max-width: 300px) 100vw, 300px\" \/><\/a><p id=\"caption-attachment-145\" class=\"wp-caption-text\">Aline Zalko &#8211; Jardin du Mus\u00e9e Jenisch Vevey<\/p><\/div>\n<div id=\"attachment_144\" style=\"width: 310px\" class=\"wp-caption alignnone\"><a href=\"https:\/\/www.pictobello.ch\/edition-2021\/dessins\/pictobello-3\/\" rel=\"attachment wp-att-144\"><img loading=\"lazy\" decoding=\"async\" aria-describedby=\"caption-attachment-144\" class=\"size-medium wp-image-144\" src=\"https:\/\/www.pictobello.ch\/edition-2021\/wp-content\/uploads\/sites\/23\/2021\/06\/AinhoaCayuso-dessin-300x140.jpg\" alt=\"Ainhoa Cayuso - Place du March\u00e9\" width=\"300\" height=\"140\" srcset=\"https:\/\/www.pictobello.ch\/edition-2021\/wp-content\/uploads\/sites\/23\/2021\/06\/AinhoaCayuso-dessin-300x140.jpg 300w, https:\/\/www.pictobello.ch\/edition-2021\/wp-content\/uploads\/sites\/23\/2021\/06\/AinhoaCayuso-dessin-1024x478.jpg 1024w, https:\/\/www.pictobello.ch\/edition-2021\/wp-content\/uploads\/sites\/23\/2021\/06\/AinhoaCayuso-dessin-768x359.jpg 768w, https:\/\/www.pictobello.ch\/edition-2021\/wp-content\/uploads\/sites\/23\/2021\/06\/AinhoaCayuso-dessin-1536x718.jpg 1536w, https:\/\/www.pictobello.ch\/edition-2021\/wp-content\/uploads\/sites\/23\/2021\/06\/AinhoaCayuso-dessin-2048x957.jpg 2048w, https:\/\/www.pictobello.ch\/edition-2021\/wp-content\/uploads\/sites\/23\/2021\/06\/AinhoaCayuso-dessin-260x121.jpg 260w, https:\/\/www.pictobello.ch\/edition-2021\/wp-content\/uploads\/sites\/23\/2021\/06\/AinhoaCayuso-dessin-575x269.jpg 575w, https:\/\/www.pictobello.ch\/edition-2021\/wp-content\/uploads\/sites\/23\/2021\/06\/AinhoaCayuso-dessin-640x299.jpg 640w\" sizes=\"auto, (max-width: 300px) 100vw, 300px\" \/><\/a><p id=\"caption-attachment-144\" class=\"wp-caption-text\">Ainhoa Cayuso &#8211; Place du March\u00e9<\/p><\/div>\n<div id=\"attachment_143\" style=\"width: 310px\" class=\"wp-caption alignnone\"><a href=\"https:\/\/www.pictobello.ch\/edition-2021\/dessins\/pictobello-2\/\" rel=\"attachment wp-att-143\"><img loading=\"lazy\" decoding=\"async\" aria-describedby=\"caption-attachment-143\" class=\"size-medium wp-image-143\" src=\"https:\/\/www.pictobello.ch\/edition-2021\/wp-content\/uploads\/sites\/23\/2021\/06\/AdrienneBarman-dessin-300x140.jpg\" alt=\"Adrienne Barman - Quai Maria-Belgia\" width=\"300\" height=\"140\" srcset=\"https:\/\/www.pictobello.ch\/edition-2021\/wp-content\/uploads\/sites\/23\/2021\/06\/AdrienneBarman-dessin-300x140.jpg 300w, https:\/\/www.pictobello.ch\/edition-2021\/wp-content\/uploads\/sites\/23\/2021\/06\/AdrienneBarman-dessin-1024x479.jpg 1024w, https:\/\/www.pictobello.ch\/edition-2021\/wp-content\/uploads\/sites\/23\/2021\/06\/AdrienneBarman-dessin-768x359.jpg 768w, https:\/\/www.pictobello.ch\/edition-2021\/wp-content\/uploads\/sites\/23\/2021\/06\/AdrienneBarman-dessin-1536x718.jpg 1536w, https:\/\/www.pictobello.ch\/edition-2021\/wp-content\/uploads\/sites\/23\/2021\/06\/AdrienneBarman-dessin-2048x957.jpg 2048w, https:\/\/www.pictobello.ch\/edition-2021\/wp-content\/uploads\/sites\/23\/2021\/06\/AdrienneBarman-dessin-260x122.jpg 260w, https:\/\/www.pictobello.ch\/edition-2021\/wp-content\/uploads\/sites\/23\/2021\/06\/AdrienneBarman-dessin-575x269.jpg 575w, https:\/\/www.pictobello.ch\/edition-2021\/wp-content\/uploads\/sites\/23\/2021\/06\/AdrienneBarman-dessin-640x299.jpg 640w\" sizes=\"auto, (max-width: 300px) 100vw, 300px\" \/><\/a><p id=\"caption-attachment-143\" class=\"wp-caption-text\">Adrienne Barman &#8211; Quai Maria-Belgia<\/p><\/div>\n<div id=\"attachment_142\" style=\"width: 310px\" class=\"wp-caption alignnone\"><a href=\"https:\/\/www.pictobello.ch\/edition-2021\/dessins\/pictobello\/\" rel=\"attachment wp-att-142\"><img loading=\"lazy\" decoding=\"async\" aria-describedby=\"caption-attachment-142\" class=\"size-medium wp-image-142\" src=\"https:\/\/www.pictobello.ch\/edition-2021\/wp-content\/uploads\/sites\/23\/2021\/06\/AdrianaPiaGassmann-dessin-300x140.jpg\" alt=\"Adriana Gassmann - Place de la Gare\" width=\"300\" height=\"140\" srcset=\"https:\/\/www.pictobello.ch\/edition-2021\/wp-content\/uploads\/sites\/23\/2021\/06\/AdrianaPiaGassmann-dessin-300x140.jpg 300w, https:\/\/www.pictobello.ch\/edition-2021\/wp-content\/uploads\/sites\/23\/2021\/06\/AdrianaPiaGassmann-dessin-1024x476.jpg 1024w, https:\/\/www.pictobello.ch\/edition-2021\/wp-content\/uploads\/sites\/23\/2021\/06\/AdrianaPiaGassmann-dessin-768x357.jpg 768w, https:\/\/www.pictobello.ch\/edition-2021\/wp-content\/uploads\/sites\/23\/2021\/06\/AdrianaPiaGassmann-dessin-1536x714.jpg 1536w, https:\/\/www.pictobello.ch\/edition-2021\/wp-content\/uploads\/sites\/23\/2021\/06\/AdrianaPiaGassmann-dessin-2048x952.jpg 2048w, https:\/\/www.pictobello.ch\/edition-2021\/wp-content\/uploads\/sites\/23\/2021\/06\/AdrianaPiaGassmann-dessin-260x121.jpg 260w, https:\/\/www.pictobello.ch\/edition-2021\/wp-content\/uploads\/sites\/23\/2021\/06\/AdrianaPiaGassmann-dessin-575x267.jpg 575w, https:\/\/www.pictobello.ch\/edition-2021\/wp-content\/uploads\/sites\/23\/2021\/06\/AdrianaPiaGassmann-dessin-640x298.jpg 640w\" sizes=\"auto, (max-width: 300px) 100vw, 300px\" \/><\/a><p id=\"caption-attachment-142\" class=\"wp-caption-text\">Adriana Gassmann &#8211; Place de la Gare<\/p><\/div>\n","protected":false},"excerpt":{"rendered":"","protected":false},"author":1,"featured_media":0,"parent":0,"menu_order":4,"comment_status":"closed","ping_status":"closed","template":"page-photos.php","meta":{"_acf_changed":false,"_exactmetrics_skip_tracking":false,"_exactmetrics_sitenote_active":false,"_exactmetrics_sitenote_note":"","_exactmetrics_sitenote_category":0,"footnotes":""},"class_list":["post-7","page","type-page","status-publish","hentry"],"acf":[],"yoast_head":"<!-- This site is optimized with the Yoast SEO plugin v27.5 - https:\/\/yoast.com\/product\/yoast-seo-wordpress\/ -->\n<title>dessins - 2021<\/title>\n<meta name=\"robots\" content=\"index, follow, max-snippet:-1, max-image-preview:large, max-video-preview:-1\" \/>\n<link rel=\"canonical\" href=\"https:\/\/www.pictobello.ch\/edition-2021\/dessins\/\" \/>\n<meta property=\"og:locale\" content=\"fr_FR\" \/>\n<meta property=\"og:type\" content=\"article\" \/>\n<meta property=\"og:title\" content=\"dessins - 2021\" \/>\n<meta property=\"og:url\" content=\"https:\/\/www.pictobello.ch\/edition-2021\/dessins\/\" \/>\n<meta property=\"og:site_name\" content=\"2021\" \/>\n<meta property=\"article:modified_time\" content=\"2022-01-25T13:35:51+00:00\" \/>\n<meta property=\"og:image\" content=\"https:\/\/www.pictobello.ch\/edition-2021\/wp-content\/uploads\/sites\/23\/2021\/06\/MauraneMazars-dessin-300x140.jpg\" \/>\n<meta name=\"twitter:card\" content=\"summary_large_image\" \/>\n<meta name=\"twitter:label1\" content=\"Dur\u00e9e de lecture estim\u00e9e\" \/>\n\t<meta name=\"twitter:data1\" content=\"5 minutes\" \/>\n<script type=\"application\/ld+json\" class=\"yoast-schema-graph\">{\"@context\":\"https:\\\/\\\/schema.org\",\"@graph\":[{\"@type\":\"WebPage\",\"@id\":\"https:\\\/\\\/www.pictobello.ch\\\/edition-2021\\\/dessins\\\/\",\"url\":\"https:\\\/\\\/www.pictobello.ch\\\/edition-2021\\\/dessins\\\/\",\"name\":\"dessins - 2021\",\"isPartOf\":{\"@id\":\"https:\\\/\\\/www.pictobello.ch\\\/edition-2021\\\/#website\"},\"primaryImageOfPage\":{\"@id\":\"https:\\\/\\\/www.pictobello.ch\\\/edition-2021\\\/dessins\\\/#primaryimage\"},\"image\":{\"@id\":\"https:\\\/\\\/www.pictobello.ch\\\/edition-2021\\\/dessins\\\/#primaryimage\"},\"thumbnailUrl\":\"https:\\\/\\\/www.pictobello.ch\\\/edition-2021\\\/wp-content\\\/uploads\\\/sites\\\/23\\\/2021\\\/06\\\/MauraneMazars-dessin-300x140.jpg\",\"datePublished\":\"2021-05-27T06:24:38+00:00\",\"dateModified\":\"2022-01-25T13:35:51+00:00\",\"breadcrumb\":{\"@id\":\"https:\\\/\\\/www.pictobello.ch\\\/edition-2021\\\/dessins\\\/#breadcrumb\"},\"inLanguage\":\"fr-FR\",\"potentialAction\":[{\"@type\":\"ReadAction\",\"target\":[\"https:\\\/\\\/www.pictobello.ch\\\/edition-2021\\\/dessins\\\/\"]}]},{\"@type\":\"ImageObject\",\"inLanguage\":\"fr-FR\",\"@id\":\"https:\\\/\\\/www.pictobello.ch\\\/edition-2021\\\/dessins\\\/#primaryimage\",\"url\":\"https:\\\/\\\/www.pictobello.ch\\\/edition-2021\\\/wp-content\\\/uploads\\\/sites\\\/23\\\/2021\\\/06\\\/MauraneMazars-dessin-300x140.jpg\",\"contentUrl\":\"https:\\\/\\\/www.pictobello.ch\\\/edition-2021\\\/wp-content\\\/uploads\\\/sites\\\/23\\\/2021\\\/06\\\/MauraneMazars-dessin-300x140.jpg\"},{\"@type\":\"BreadcrumbList\",\"@id\":\"https:\\\/\\\/www.pictobello.ch\\\/edition-2021\\\/dessins\\\/#breadcrumb\",\"itemListElement\":[{\"@type\":\"ListItem\",\"position\":1,\"name\":\"Accueil\",\"item\":\"https:\\\/\\\/www.pictobello.ch\\\/edition-2021\\\/\"},{\"@type\":\"ListItem\",\"position\":2,\"name\":\"dessins\"}]},{\"@type\":\"WebSite\",\"@id\":\"https:\\\/\\\/www.pictobello.ch\\\/edition-2021\\\/#website\",\"url\":\"https:\\\/\\\/www.pictobello.ch\\\/edition-2021\\\/\",\"name\":\"2021\",\"description\":\"Un site utilisant R\u00e9seau PictoBello\",\"potentialAction\":[{\"@type\":\"SearchAction\",\"target\":{\"@type\":\"EntryPoint\",\"urlTemplate\":\"https:\\\/\\\/www.pictobello.ch\\\/edition-2021\\\/?s={search_term_string}\"},\"query-input\":{\"@type\":\"PropertyValueSpecification\",\"valueRequired\":true,\"valueName\":\"search_term_string\"}}],\"inLanguage\":\"fr-FR\"}]}<\/script>\n<!-- \/ Yoast SEO plugin. -->","yoast_head_json":{"title":"dessins - 2021","robots":{"index":"index","follow":"follow","max-snippet":"max-snippet:-1","max-image-preview":"max-image-preview:large","max-video-preview":"max-video-preview:-1"},"canonical":"https:\/\/www.pictobello.ch\/edition-2021\/dessins\/","og_locale":"fr_FR","og_type":"article","og_title":"dessins - 2021","og_url":"https:\/\/www.pictobello.ch\/edition-2021\/dessins\/","og_site_name":"2021","article_modified_time":"2022-01-25T13:35:51+00:00","og_image":[{"url":"https:\/\/www.pictobello.ch\/edition-2021\/wp-content\/uploads\/sites\/23\/2021\/06\/MauraneMazars-dessin-300x140.jpg","type":"","width":"","height":""}],"twitter_card":"summary_large_image","twitter_misc":{"Dur\u00e9e de lecture estim\u00e9e":"5 minutes"},"schema":{"@context":"https:\/\/schema.org","@graph":[{"@type":"WebPage","@id":"https:\/\/www.pictobello.ch\/edition-2021\/dessins\/","url":"https:\/\/www.pictobello.ch\/edition-2021\/dessins\/","name":"dessins - 2021","isPartOf":{"@id":"https:\/\/www.pictobello.ch\/edition-2021\/#website"},"primaryImageOfPage":{"@id":"https:\/\/www.pictobello.ch\/edition-2021\/dessins\/#primaryimage"},"image":{"@id":"https:\/\/www.pictobello.ch\/edition-2021\/dessins\/#primaryimage"},"thumbnailUrl":"https:\/\/www.pictobello.ch\/edition-2021\/wp-content\/uploads\/sites\/23\/2021\/06\/MauraneMazars-dessin-300x140.jpg","datePublished":"2021-05-27T06:24:38+00:00","dateModified":"2022-01-25T13:35:51+00:00","breadcrumb":{"@id":"https:\/\/www.pictobello.ch\/edition-2021\/dessins\/#breadcrumb"},"inLanguage":"fr-FR","potentialAction":[{"@type":"ReadAction","target":["https:\/\/www.pictobello.ch\/edition-2021\/dessins\/"]}]},{"@type":"ImageObject","inLanguage":"fr-FR","@id":"https:\/\/www.pictobello.ch\/edition-2021\/dessins\/#primaryimage","url":"https:\/\/www.pictobello.ch\/edition-2021\/wp-content\/uploads\/sites\/23\/2021\/06\/MauraneMazars-dessin-300x140.jpg","contentUrl":"https:\/\/www.pictobello.ch\/edition-2021\/wp-content\/uploads\/sites\/23\/2021\/06\/MauraneMazars-dessin-300x140.jpg"},{"@type":"BreadcrumbList","@id":"https:\/\/www.pictobello.ch\/edition-2021\/dessins\/#breadcrumb","itemListElement":[{"@type":"ListItem","position":1,"name":"Accueil","item":"https:\/\/www.pictobello.ch\/edition-2021\/"},{"@type":"ListItem","position":2,"name":"dessins"}]},{"@type":"WebSite","@id":"https:\/\/www.pictobello.ch\/edition-2021\/#website","url":"https:\/\/www.pictobello.ch\/edition-2021\/","name":"2021","description":"Un site utilisant R\u00e9seau PictoBello","potentialAction":[{"@type":"SearchAction","target":{"@type":"EntryPoint","urlTemplate":"https:\/\/www.pictobello.ch\/edition-2021\/?s={search_term_string}"},"query-input":{"@type":"PropertyValueSpecification","valueRequired":true,"valueName":"search_term_string"}}],"inLanguage":"fr-FR"}]}},"_links":{"self":[{"href":"https:\/\/www.pictobello.ch\/edition-2021\/wp-json\/wp\/v2\/pages\/7","targetHints":{"allow":["GET"]}}],"collection":[{"href":"https:\/\/www.pictobello.ch\/edition-2021\/wp-json\/wp\/v2\/pages"}],"about":[{"href":"https:\/\/www.pictobello.ch\/edition-2021\/wp-json\/wp\/v2\/types\/page"}],"author":[{"embeddable":true,"href":"https:\/\/www.pictobello.ch\/edition-2021\/wp-json\/wp\/v2\/users\/1"}],"replies":[{"embeddable":true,"href":"https:\/\/www.pictobello.ch\/edition-2021\/wp-json\/wp\/v2\/comments?post=7"}],"version-history":[{"count":3,"href":"https:\/\/www.pictobello.ch\/edition-2021\/wp-json\/wp\/v2\/pages\/7\/revisions"}],"predecessor-version":[{"id":162,"href":"https:\/\/www.pictobello.ch\/edition-2021\/wp-json\/wp\/v2\/pages\/7\/revisions\/162"}],"wp:attachment":[{"href":"https:\/\/www.pictobello.ch\/edition-2021\/wp-json\/wp\/v2\/media?parent=7"}],"curies":[{"name":"wp","href":"https:\/\/api.w.org\/{rel}","templated":true}]}}