{"id":5,"date":"2023-04-25T11:07:26","date_gmt":"2023-04-25T09:07:26","guid":{"rendered":"https:\/\/www.pictobello.ch\/edition-2023\/pratique\/"},"modified":"2023-05-17T10:15:36","modified_gmt":"2023-05-17T08:15:36","slug":"edition-2023","status":"publish","type":"page","link":"https:\/\/www.pictobello.ch\/edition-2023\/edition-2023\/","title":{"rendered":"\u00e9dition 2023"},"content":{"rendered":"<p>Pour la 19e \u00e9dition, PictoBello s\u2019immisce dans les rues de Vevey pour offrir au public et aux passant\u00b7e\u00b7x\u00b7s une bande dessin\u00e9e g\u00e9ante. Chaque ann\u00e9e, <a href=\"https:\/\/www.pictobello.ch\/edition-2023\/dessinateurs\/\">les artistes<\/a> s\u2019inspirent librement du th\u00e8me qui leur est propos\u00e9.<\/p>\n<p>Th\u00e8me 2023 : <strong>les cycles<br \/>\n<\/strong><\/p>\n<p>Le sommeil, les saisons, le travail, la digestion. Nous sommes entour\u00e9\u00b7e\u00b7x\u00b7s de cycles qui rythment notre quotidien. Dans une soci\u00e9t\u00e9 qui nous contraint souvent \u00e0 aller vite, il nous arrive parfois de les oublier, voire de les n\u00e9gliger. Cette th\u00e9matique propose aux artistes de penser aux cycles auxquels iels sont confront\u00e9\u00b7e\u00b7x\u00b7s dans leur propre vie et de poser un regard sur les relations qu\u2019iels entretiennent avec ces derniers.<\/p>\n<p>Charlotte Olivieri a imagin\u00e9 une nouvelle autour de ce th\u00e8me intitul\u00e9e \u00ab <a href=\"https:\/\/www.pictobello.ch\/edition-2023\/nouvelle\/\">R\u00e9veils<\/a> \u00bb qui inspirera les artistes lors de la journ\u00e9e de cr\u00e9ation des dessins.<\/p>\n<p><strong>Samedi 3 juin 2023 <\/strong><b>| Journ\u00e9e de cr\u00e9ation des dessins\u00a0:<\/b><\/p>\n<ul>\n<li>10h-18h<\/li>\n<li>Lieux : sur la place de la Gare, sous la Grenette, sur le Quai Perdonnet, \u00e0 la place de l\u2019H\u00f4tel-de-Ville et dans le jardin du Mus\u00e9e Jenisch Vevey<\/li>\n<li>En cas de pluie, tous les dessins sont r\u00e9alis\u00e9s sous la Grenette<\/li>\n<li>\u00c9v\u00e9nement gratuit, ouvert \u00e0 tou\u00b7te\u00b7x\u00b7s<\/li>\n<li>Vernissage public \u00e0 la Grenette, d\u00e8s 18h, en pr\u00e9sence des artistes<\/li>\n<\/ul>\n<p><strong>Dessins \u00e0 d\u00e9couvrir jusqu\u2019au dimanche 18 juin 2023<\/strong><\/p>\n<p>* Du 3 au 18 juin, les dessins seront visibles sur leur lieu de cr\u00e9ation, \u00e0 l&rsquo;exception de ceux r\u00e9alis\u00e9s sous la Grenette qui seront d\u00e9plac\u00e9s le long du Quai Maria-Belgia d\u00e8s le 5 juin.<\/p>\n<p><img loading=\"lazy\" decoding=\"async\" class=\"alignleft wp-image-120\" src=\"http:\/\/www.pictobello.ch\/edition-2023\/wp-content\/uploads\/sites\/25\/2023\/05\/PLAN-23-scaled.jpg\" alt=\"\" width=\"1204\" height=\"1574\" srcset=\"https:\/\/www.pictobello.ch\/edition-2023\/wp-content\/uploads\/sites\/25\/2023\/05\/PLAN-23-scaled.jpg 1958w, https:\/\/www.pictobello.ch\/edition-2023\/wp-content\/uploads\/sites\/25\/2023\/05\/PLAN-23-229x300.jpg 229w, https:\/\/www.pictobello.ch\/edition-2023\/wp-content\/uploads\/sites\/25\/2023\/05\/PLAN-23-783x1024.jpg 783w, https:\/\/www.pictobello.ch\/edition-2023\/wp-content\/uploads\/sites\/25\/2023\/05\/PLAN-23-768x1004.jpg 768w, https:\/\/www.pictobello.ch\/edition-2023\/wp-content\/uploads\/sites\/25\/2023\/05\/PLAN-23-1175x1536.jpg 1175w, https:\/\/www.pictobello.ch\/edition-2023\/wp-content\/uploads\/sites\/25\/2023\/05\/PLAN-23-1566x2048.jpg 1566w, https:\/\/www.pictobello.ch\/edition-2023\/wp-content\/uploads\/sites\/25\/2023\/05\/PLAN-23-260x340.jpg 260w, https:\/\/www.pictobello.ch\/edition-2023\/wp-content\/uploads\/sites\/25\/2023\/05\/PLAN-23-575x752.jpg 575w, https:\/\/www.pictobello.ch\/edition-2023\/wp-content\/uploads\/sites\/25\/2023\/05\/PLAN-23-640x837.jpg 640w\" sizes=\"auto, (max-width: 1204px) 100vw, 1204px\" \/><\/p>\n<p>&nbsp;<\/p>\n<p>&nbsp;<\/p>\n<p>&nbsp;<\/p>\n<p>&nbsp;<\/p>\n<p>&nbsp;<\/p>\n<p>&nbsp;<\/p>\n<p>&nbsp;<\/p>\n<p>&nbsp;<\/p>\n<p>&nbsp;<\/p>\n<p>&nbsp;<\/p>\n<p>&nbsp;<\/p>\n<p>&nbsp;<\/p>\n<p>&nbsp;<\/p>\n<p>&nbsp;<\/p>\n<p>&nbsp;<\/p>\n<p>&nbsp;<\/p>\n<p>&nbsp;<\/p>\n<p>&nbsp;<\/p>\n<p>&nbsp;<\/p>\n<p>&nbsp;<\/p>\n<p>&nbsp;<\/p>\n<p>&nbsp;<\/p>\n<p>&nbsp;<\/p>\n<p>&nbsp;<\/p>\n<p>&nbsp;<\/p>\n<p>&nbsp;<\/p>\n<p>&nbsp;<\/p>\n<p>&nbsp;<\/p>\n<p>&nbsp;<\/p>\n<p>&nbsp;<\/p>\n<p>&nbsp;<\/p>\n<p>&nbsp;<\/p>\n<p>&nbsp;<\/p>\n<p>&nbsp;<\/p>\n<p>&nbsp;<\/p>\n<p>&nbsp;<\/p>\n<p>&nbsp;<\/p>\n<p>&nbsp;<\/p>\n<p>&nbsp;<\/p>\n<p>&nbsp;<\/p>\n","protected":false},"excerpt":{"rendered":"<p>Pour la 19e \u00e9dition, PictoBello s\u2019immisce dans les rues de Vevey pour offrir au public et aux passant\u00b7e\u00b7x\u00b7s une bande dessin\u00e9e g\u00e9ante. Chaque ann\u00e9e, les artistes s\u2019inspirent librement du th\u00e8me qui leur est propos\u00e9. Th\u00e8me 2023 : les cycles Le sommeil, les saisons, le travail, la digestion. Nous sommes entour\u00e9\u00b7e\u00b7x\u00b7s de cycles qui rythment notre [&hellip;]<\/p>\n","protected":false},"author":1,"featured_media":0,"parent":0,"menu_order":2,"comment_status":"closed","ping_status":"closed","template":"","meta":{"_acf_changed":false,"_exactmetrics_skip_tracking":false,"_exactmetrics_sitenote_active":false,"_exactmetrics_sitenote_note":"","_exactmetrics_sitenote_category":0,"footnotes":""},"class_list":["post-5","page","type-page","status-publish","hentry"],"acf":[],"yoast_head":"<!-- This site is optimized with the Yoast SEO plugin v27.5 - https:\/\/yoast.com\/product\/yoast-seo-wordpress\/ -->\n<title>\u00e9dition 2023 - 2023<\/title>\n<meta name=\"robots\" content=\"index, follow, max-snippet:-1, max-image-preview:large, max-video-preview:-1\" \/>\n<link rel=\"canonical\" href=\"https:\/\/www.pictobello.ch\/edition-2023\/edition-2023\/\" \/>\n<meta property=\"og:locale\" content=\"fr_FR\" \/>\n<meta property=\"og:type\" content=\"article\" \/>\n<meta property=\"og:title\" content=\"\u00e9dition 2023 - 2023\" \/>\n<meta property=\"og:description\" content=\"Pour la 19e \u00e9dition, PictoBello s\u2019immisce dans les rues de Vevey pour offrir au public et aux passant\u00b7e\u00b7x\u00b7s une bande dessin\u00e9e g\u00e9ante. Chaque ann\u00e9e, les artistes s\u2019inspirent librement du th\u00e8me qui leur est propos\u00e9. Th\u00e8me 2023 : les cycles Le sommeil, les saisons, le travail, la digestion. Nous sommes entour\u00e9\u00b7e\u00b7x\u00b7s de cycles qui rythment notre [&hellip;]\" \/>\n<meta property=\"og:url\" content=\"https:\/\/www.pictobello.ch\/edition-2023\/edition-2023\/\" \/>\n<meta property=\"og:site_name\" content=\"2023\" \/>\n<meta property=\"article:modified_time\" content=\"2023-05-17T08:15:36+00:00\" \/>\n<meta property=\"og:image\" content=\"http:\/\/www.pictobello.ch\/edition-2023\/wp-content\/uploads\/sites\/25\/2023\/05\/PLAN-23-scaled.jpg\" \/>\n<meta name=\"twitter:card\" content=\"summary_large_image\" \/>\n<meta name=\"twitter:label1\" content=\"Dur\u00e9e de lecture estim\u00e9e\" \/>\n\t<meta name=\"twitter:data1\" content=\"2 minutes\" \/>\n<script type=\"application\/ld+json\" class=\"yoast-schema-graph\">{\"@context\":\"https:\\\/\\\/schema.org\",\"@graph\":[{\"@type\":\"WebPage\",\"@id\":\"https:\\\/\\\/www.pictobello.ch\\\/edition-2023\\\/edition-2023\\\/\",\"url\":\"https:\\\/\\\/www.pictobello.ch\\\/edition-2023\\\/edition-2023\\\/\",\"name\":\"\u00e9dition 2023 - 2023\",\"isPartOf\":{\"@id\":\"https:\\\/\\\/www.pictobello.ch\\\/edition-2023\\\/#website\"},\"primaryImageOfPage\":{\"@id\":\"https:\\\/\\\/www.pictobello.ch\\\/edition-2023\\\/edition-2023\\\/#primaryimage\"},\"image\":{\"@id\":\"https:\\\/\\\/www.pictobello.ch\\\/edition-2023\\\/edition-2023\\\/#primaryimage\"},\"thumbnailUrl\":\"http:\\\/\\\/www.pictobello.ch\\\/edition-2023\\\/wp-content\\\/uploads\\\/sites\\\/25\\\/2023\\\/05\\\/PLAN-23-scaled.jpg\",\"datePublished\":\"2023-04-25T09:07:26+00:00\",\"dateModified\":\"2023-05-17T08:15:36+00:00\",\"breadcrumb\":{\"@id\":\"https:\\\/\\\/www.pictobello.ch\\\/edition-2023\\\/edition-2023\\\/#breadcrumb\"},\"inLanguage\":\"fr-FR\",\"potentialAction\":[{\"@type\":\"ReadAction\",\"target\":[\"https:\\\/\\\/www.pictobello.ch\\\/edition-2023\\\/edition-2023\\\/\"]}]},{\"@type\":\"ImageObject\",\"inLanguage\":\"fr-FR\",\"@id\":\"https:\\\/\\\/www.pictobello.ch\\\/edition-2023\\\/edition-2023\\\/#primaryimage\",\"url\":\"http:\\\/\\\/www.pictobello.ch\\\/edition-2023\\\/wp-content\\\/uploads\\\/sites\\\/25\\\/2023\\\/05\\\/PLAN-23-scaled.jpg\",\"contentUrl\":\"http:\\\/\\\/www.pictobello.ch\\\/edition-2023\\\/wp-content\\\/uploads\\\/sites\\\/25\\\/2023\\\/05\\\/PLAN-23-scaled.jpg\"},{\"@type\":\"BreadcrumbList\",\"@id\":\"https:\\\/\\\/www.pictobello.ch\\\/edition-2023\\\/edition-2023\\\/#breadcrumb\",\"itemListElement\":[{\"@type\":\"ListItem\",\"position\":1,\"name\":\"Accueil\",\"item\":\"https:\\\/\\\/www.pictobello.ch\\\/edition-2023\\\/\"},{\"@type\":\"ListItem\",\"position\":2,\"name\":\"\u00e9dition 2023\"}]},{\"@type\":\"WebSite\",\"@id\":\"https:\\\/\\\/www.pictobello.ch\\\/edition-2023\\\/#website\",\"url\":\"https:\\\/\\\/www.pictobello.ch\\\/edition-2023\\\/\",\"name\":\"2023\",\"description\":\"\",\"potentialAction\":[{\"@type\":\"SearchAction\",\"target\":{\"@type\":\"EntryPoint\",\"urlTemplate\":\"https:\\\/\\\/www.pictobello.ch\\\/edition-2023\\\/?s={search_term_string}\"},\"query-input\":{\"@type\":\"PropertyValueSpecification\",\"valueRequired\":true,\"valueName\":\"search_term_string\"}}],\"inLanguage\":\"fr-FR\"}]}<\/script>\n<!-- \/ Yoast SEO plugin. -->","yoast_head_json":{"title":"\u00e9dition 2023 - 2023","robots":{"index":"index","follow":"follow","max-snippet":"max-snippet:-1","max-image-preview":"max-image-preview:large","max-video-preview":"max-video-preview:-1"},"canonical":"https:\/\/www.pictobello.ch\/edition-2023\/edition-2023\/","og_locale":"fr_FR","og_type":"article","og_title":"\u00e9dition 2023 - 2023","og_description":"Pour la 19e \u00e9dition, PictoBello s\u2019immisce dans les rues de Vevey pour offrir au public et aux passant\u00b7e\u00b7x\u00b7s une bande dessin\u00e9e g\u00e9ante. Chaque ann\u00e9e, les artistes s\u2019inspirent librement du th\u00e8me qui leur est propos\u00e9. Th\u00e8me 2023 : les cycles Le sommeil, les saisons, le travail, la digestion. Nous sommes entour\u00e9\u00b7e\u00b7x\u00b7s de cycles qui rythment notre [&hellip;]","og_url":"https:\/\/www.pictobello.ch\/edition-2023\/edition-2023\/","og_site_name":"2023","article_modified_time":"2023-05-17T08:15:36+00:00","og_image":[{"url":"http:\/\/www.pictobello.ch\/edition-2023\/wp-content\/uploads\/sites\/25\/2023\/05\/PLAN-23-scaled.jpg","type":"","width":"","height":""}],"twitter_card":"summary_large_image","twitter_misc":{"Dur\u00e9e de lecture estim\u00e9e":"2 minutes"},"schema":{"@context":"https:\/\/schema.org","@graph":[{"@type":"WebPage","@id":"https:\/\/www.pictobello.ch\/edition-2023\/edition-2023\/","url":"https:\/\/www.pictobello.ch\/edition-2023\/edition-2023\/","name":"\u00e9dition 2023 - 2023","isPartOf":{"@id":"https:\/\/www.pictobello.ch\/edition-2023\/#website"},"primaryImageOfPage":{"@id":"https:\/\/www.pictobello.ch\/edition-2023\/edition-2023\/#primaryimage"},"image":{"@id":"https:\/\/www.pictobello.ch\/edition-2023\/edition-2023\/#primaryimage"},"thumbnailUrl":"http:\/\/www.pictobello.ch\/edition-2023\/wp-content\/uploads\/sites\/25\/2023\/05\/PLAN-23-scaled.jpg","datePublished":"2023-04-25T09:07:26+00:00","dateModified":"2023-05-17T08:15:36+00:00","breadcrumb":{"@id":"https:\/\/www.pictobello.ch\/edition-2023\/edition-2023\/#breadcrumb"},"inLanguage":"fr-FR","potentialAction":[{"@type":"ReadAction","target":["https:\/\/www.pictobello.ch\/edition-2023\/edition-2023\/"]}]},{"@type":"ImageObject","inLanguage":"fr-FR","@id":"https:\/\/www.pictobello.ch\/edition-2023\/edition-2023\/#primaryimage","url":"http:\/\/www.pictobello.ch\/edition-2023\/wp-content\/uploads\/sites\/25\/2023\/05\/PLAN-23-scaled.jpg","contentUrl":"http:\/\/www.pictobello.ch\/edition-2023\/wp-content\/uploads\/sites\/25\/2023\/05\/PLAN-23-scaled.jpg"},{"@type":"BreadcrumbList","@id":"https:\/\/www.pictobello.ch\/edition-2023\/edition-2023\/#breadcrumb","itemListElement":[{"@type":"ListItem","position":1,"name":"Accueil","item":"https:\/\/www.pictobello.ch\/edition-2023\/"},{"@type":"ListItem","position":2,"name":"\u00e9dition 2023"}]},{"@type":"WebSite","@id":"https:\/\/www.pictobello.ch\/edition-2023\/#website","url":"https:\/\/www.pictobello.ch\/edition-2023\/","name":"2023","description":"","potentialAction":[{"@type":"SearchAction","target":{"@type":"EntryPoint","urlTemplate":"https:\/\/www.pictobello.ch\/edition-2023\/?s={search_term_string}"},"query-input":{"@type":"PropertyValueSpecification","valueRequired":true,"valueName":"search_term_string"}}],"inLanguage":"fr-FR"}]}},"_links":{"self":[{"href":"https:\/\/www.pictobello.ch\/edition-2023\/wp-json\/wp\/v2\/pages\/5","targetHints":{"allow":["GET"]}}],"collection":[{"href":"https:\/\/www.pictobello.ch\/edition-2023\/wp-json\/wp\/v2\/pages"}],"about":[{"href":"https:\/\/www.pictobello.ch\/edition-2023\/wp-json\/wp\/v2\/types\/page"}],"author":[{"embeddable":true,"href":"https:\/\/www.pictobello.ch\/edition-2023\/wp-json\/wp\/v2\/users\/1"}],"replies":[{"embeddable":true,"href":"https:\/\/www.pictobello.ch\/edition-2023\/wp-json\/wp\/v2\/comments?post=5"}],"version-history":[{"count":11,"href":"https:\/\/www.pictobello.ch\/edition-2023\/wp-json\/wp\/v2\/pages\/5\/revisions"}],"predecessor-version":[{"id":123,"href":"https:\/\/www.pictobello.ch\/edition-2023\/wp-json\/wp\/v2\/pages\/5\/revisions\/123"}],"wp:attachment":[{"href":"https:\/\/www.pictobello.ch\/edition-2023\/wp-json\/wp\/v2\/media?parent=5"}],"curies":[{"name":"wp","href":"https:\/\/api.w.org\/{rel}","templated":true}]}}